{"id":1698,"date":"2024-03-24T11:38:26","date_gmt":"2024-03-24T10:38:26","guid":{"rendered":"https:\/\/volodiavankeulen.com\/?page_id=1698"},"modified":"2026-01-04T13:07:07","modified_gmt":"2026-01-04T12:07:07","slug":"a-propos","status":"publish","type":"page","link":"https:\/\/volodiavankeulen.com\/index.php\/a-propos\/","title":{"rendered":"\u00c0 propos"},"content":{"rendered":"\t\t<div data-elementor-type=\"wp-page\" data-elementor-id=\"1698\" class=\"elementor elementor-1698\" data-elementor-post-type=\"page\">\n\t\t\t\t<div class=\"elementor-element elementor-element-69aed5a e-con-full e-flex e-con e-parent\" data-id=\"69aed5a\" data-element_type=\"container\" data-e-type=\"container\" id=\"one\" data-settings=\"{&quot;background_background&quot;:&quot;gradient&quot;}\" data-color=\"#000000\">\n\t\t\t\t<div class=\"elementor-element elementor-element-4aac103 elementor-widget__width-inherit elementor-widget elementor-widget-image\" data-id=\"4aac103\" data-element_type=\"widget\" data-e-type=\"widget\" data-widget_type=\"image.default\">\n\t\t\t\t<div class=\"elementor-widget-container\">\n\t\t\t\t\t\t\t\t\t\t\t\t\t\t\t<img fetchpriority=\"high\" decoding=\"async\" width=\"2560\" height=\"2560\" src=\"https:\/\/volodiavankeulen.com\/wp-content\/uploads\/2025\/05\/IMG_5965-scaled.jpeg\" class=\"attachment-full size-full wp-image-2278\" alt=\"\" srcset=\"https:\/\/volodiavankeulen.com\/wp-content\/uploads\/2025\/05\/IMG_5965-scaled.jpeg 2560w, https:\/\/volodiavankeulen.com\/wp-content\/uploads\/2025\/05\/IMG_5965-300x300.jpeg 300w, https:\/\/volodiavankeulen.com\/wp-content\/uploads\/2025\/05\/IMG_5965-1024x1024.jpeg 1024w, https:\/\/volodiavankeulen.com\/wp-content\/uploads\/2025\/05\/IMG_5965-150x150.jpeg 150w, https:\/\/volodiavankeulen.com\/wp-content\/uploads\/2025\/05\/IMG_5965-768x768.jpeg 768w, https:\/\/volodiavankeulen.com\/wp-content\/uploads\/2025\/05\/IMG_5965-1536x1536.jpeg 1536w, https:\/\/volodiavankeulen.com\/wp-content\/uploads\/2025\/05\/IMG_5965-2048x2048.jpeg 2048w\" sizes=\"(max-width: 2560px) 100vw, 2560px\" \/>\t\t\t\t\t\t\t\t\t\t\t\t\t\t\t<\/div>\n\t\t\t\t<\/div>\n\t\t\t\t<\/div>\n\t\t<div class=\"elementor-element elementor-element-79c852b e-flex e-con-boxed e-con e-parent\" data-id=\"79c852b\" data-element_type=\"container\" data-e-type=\"container\" id=\"two\" data-settings=\"{&quot;background_background&quot;:&quot;classic&quot;,&quot;motion_fx_motion_fx_scrolling&quot;:&quot;yes&quot;,&quot;motion_fx_devices&quot;:[&quot;desktop&quot;,&quot;tablet&quot;,&quot;mobile&quot;]}\" data-color=\"#AFAFAF\">\n\t\t\t\t\t<div class=\"e-con-inner\">\n\t\t\t\t<div class=\"elementor-element elementor-element-da21cbb elementor-widget elementor-widget-heading\" data-id=\"da21cbb\" data-element_type=\"widget\" data-e-type=\"widget\" data-widget_type=\"heading.default\">\n\t\t\t\t<div class=\"elementor-widget-container\">\n\t\t\t\t\t<h2 class=\"elementor-heading-title elementor-size-default\">BIO.<\/h2>\t\t\t\t<\/div>\n\t\t\t\t<\/div>\n\t\t\t\t<div class=\"elementor-element elementor-element-2c454f9 elementor-widget elementor-widget-spacer\" data-id=\"2c454f9\" data-element_type=\"widget\" data-e-type=\"widget\" data-widget_type=\"spacer.default\">\n\t\t\t\t<div class=\"elementor-widget-container\">\n\t\t\t\t\t\t\t<div class=\"elementor-spacer\">\n\t\t\t<div class=\"elementor-spacer-inner\"><\/div>\n\t\t<\/div>\n\t\t\t\t\t\t<\/div>\n\t\t\t\t<\/div>\n\t\t\t\t<div class=\"elementor-element elementor-element-e0a24c4 elementor-widget elementor-widget-text-editor\" data-id=\"e0a24c4\" data-element_type=\"widget\" data-e-type=\"widget\" data-widget_type=\"text-editor.default\">\n\t\t\t\t<div class=\"elementor-widget-container\">\n\t\t\t\t\t\t\t\t\t<p>Volodia van Keulen, jeune violoncelliste fran\u00e7ais, fascine par son jeu d&rsquo;une intensit\u00e9 rare et son charisme flamboyant. C\u2019est dans le partage avec son grand-p\u00e8re, violoniste amateur, que na\u00eet la passion de Volodia pour la musique.<\/p><p>Form\u00e9 au Conservatoire National Sup\u00e9rieur de Paris, il a brill\u00e9 sur les sc\u00e8nes internationales les plus prestigieuses en solo ou avec diverses formations de chambre, au festival international de la Roque d\u2019Anth\u00e9ron, au Wigmore hall et Royal Albert hall de<br \/>Londres, aux Folles journ\u00e9es de Tokyo, de Nantes et de Ekaterinburg (Russie), \u00e0 l\u2019Auditorium du Louvre, \u00e0 la Liszt academy de Budapest, \u00e0 la Maison de la Radio, \u00e0 la Philharmonie de Paris, \u00e0 la Philharmonie de Xi\u2019an (Chine), \u00e0 la Philharmonie du Luxembourg, au Th\u00e9\u00e2tre des Champs-<br \/>Elys\u00e9es, au Mus\u00e9e imp\u00e9rial de Petr\u00f3polis (Br\u00e9sil), au Th\u00e9\u00e2tre du Ch\u00e2telet, \u00e0 la Salle Pleyel, \u00e0 la Kronberg Academy, aux sommets musicaux de Gstaad, au festival de P\u00e2ques et \u00e0 l\u2019Ao\u00fbt musical de Deauville, \u00e0 la Grange de Meslay\u2026\u00a0<\/p><p><br \/><br \/><\/p>\t\t\t\t\t\t\t\t<\/div>\n\t\t\t\t<\/div>\n\t\t\t\t<div class=\"elementor-element elementor-element-1e451d3 elementor-widget-divider--view-line_icon elementor-view-default elementor-widget-divider--element-align-center elementor-widget elementor-widget-divider\" data-id=\"1e451d3\" data-element_type=\"widget\" data-e-type=\"widget\" data-widget_type=\"divider.default\">\n\t\t\t\t<div class=\"elementor-widget-container\">\n\t\t\t\t\t\t\t<div class=\"elementor-divider\">\n\t\t\t<span class=\"elementor-divider-separator\">\n\t\t\t\t\t\t\t<div class=\"elementor-icon elementor-divider__element\">\n\t\t\t\t\t<i aria-hidden=\"true\" class=\"fas fa-circle\"><\/i><\/div>\n\t\t\t\t\t\t<\/span>\n\t\t<\/div>\n\t\t\t\t\t\t<\/div>\n\t\t\t\t<\/div>\n\t\t\t\t\t<\/div>\n\t\t\t\t<\/div>\n\t\t<div class=\"elementor-element elementor-element-5e918e8 e-con-full e-flex e-con e-parent\" data-id=\"5e918e8\" data-element_type=\"container\" data-e-type=\"container\" data-settings=\"{&quot;background_background&quot;:&quot;classic&quot;}\">\n\t\t<div class=\"elementor-element elementor-element-b5cbdc0 e-flex e-con-boxed e-con e-child\" data-id=\"b5cbdc0\" data-element_type=\"container\" data-e-type=\"container\">\n\t\t\t\t\t<div class=\"e-con-inner\">\n\t\t\t\t<div class=\"elementor-element elementor-element-f864c9a elementor-widget elementor-widget-spacer\" data-id=\"f864c9a\" data-element_type=\"widget\" data-e-type=\"widget\" data-widget_type=\"spacer.default\">\n\t\t\t\t<div class=\"elementor-widget-container\">\n\t\t\t\t\t\t\t<div class=\"elementor-spacer\">\n\t\t\t<div class=\"elementor-spacer-inner\"><\/div>\n\t\t<\/div>\n\t\t\t\t\t\t<\/div>\n\t\t\t\t<\/div>\n\t\t\t\t\t<\/div>\n\t\t\t\t<\/div>\n\t\t<div class=\"elementor-element elementor-element-529fe79 e-flex e-con-boxed e-con e-child\" data-id=\"529fe79\" data-element_type=\"container\" data-e-type=\"container\" data-settings=\"{&quot;background_background&quot;:&quot;classic&quot;,&quot;motion_fx_motion_fx_scrolling&quot;:&quot;yes&quot;,&quot;motion_fx_translateX_effect&quot;:&quot;yes&quot;,&quot;motion_fx_translateX_affectedRange&quot;:{&quot;unit&quot;:&quot;%&quot;,&quot;size&quot;:&quot;&quot;,&quot;sizes&quot;:{&quot;start&quot;:0,&quot;end&quot;:50}},&quot;motion_fx_translateX_speed&quot;:{&quot;unit&quot;:&quot;px&quot;,&quot;size&quot;:4,&quot;sizes&quot;:[]},&quot;motion_fx_devices&quot;:[&quot;desktop&quot;,&quot;tablet&quot;,&quot;mobile&quot;]}\">\n\t\t\t\t\t<div class=\"e-con-inner\">\n\t\t\t\t<div class=\"elementor-element elementor-element-fe3a6d7 elementor-blockquote--skin-quotation elementor-blockquote--align-left elementor-widget elementor-widget-blockquote\" data-id=\"fe3a6d7\" data-element_type=\"widget\" data-e-type=\"widget\" data-widget_type=\"blockquote.default\">\n\t\t\t\t<div class=\"elementor-widget-container\">\n\t\t\t\t\t\t\t<blockquote class=\"elementor-blockquote\">\n\t\t\t<p class=\"elementor-blockquote__content\">\n\t\t\t\tVan Keulen est de ceux qui font parler le son, le mat\u00e9riau sonore plut\u00f4t, qu\u2019il parvient \u00e0 contin\u00fbment fa\u00e7onner en fonction du caract\u00e8re de la musique, du sentiment.\t\t\t<\/p>\n\t\t\t\t\t\t\t<div class=\"e-q-footer\">\n\t\t\t\t\t\t\t\t\t\t\t<cite class=\"elementor-blockquote__author\">Alain Cochard - Concert Classic<\/cite>\n\t\t\t\t\t\t\t\t\t\t\t\t\t\t<\/div>\n\t\t\t\t\t<\/blockquote>\n\t\t\t\t\t\t<\/div>\n\t\t\t\t<\/div>\n\t\t\t\t\t<\/div>\n\t\t\t\t<\/div>\n\t\t\t\t<\/div>\n\t\t<div class=\"elementor-element elementor-element-cd79efe e-flex e-con-boxed e-con e-parent\" data-id=\"cd79efe\" data-element_type=\"container\" data-e-type=\"container\" id=\"four\" data-settings=\"{&quot;background_background&quot;:&quot;gradient&quot;}\">\n\t\t\t\t\t<div class=\"e-con-inner\">\n\t\t\t\t<div class=\"elementor-element elementor-element-b1ce85e elementor-widget-divider--view-line_icon elementor-view-default elementor-widget-divider--element-align-center elementor-widget elementor-widget-divider\" data-id=\"b1ce85e\" data-element_type=\"widget\" data-e-type=\"widget\" data-settings=\"{&quot;motion_fx_motion_fx_scrolling&quot;:&quot;yes&quot;,&quot;motion_fx_opacity_effect&quot;:&quot;yes&quot;,&quot;motion_fx_opacity_range&quot;:{&quot;unit&quot;:&quot;%&quot;,&quot;size&quot;:&quot;&quot;,&quot;sizes&quot;:{&quot;start&quot;:0,&quot;end&quot;:80}},&quot;motion_fx_opacity_direction&quot;:&quot;out-in&quot;,&quot;motion_fx_opacity_level&quot;:{&quot;unit&quot;:&quot;px&quot;,&quot;size&quot;:10,&quot;sizes&quot;:[]},&quot;motion_fx_devices&quot;:[&quot;desktop&quot;,&quot;tablet&quot;,&quot;mobile&quot;]}\" data-widget_type=\"divider.default\">\n\t\t\t\t<div class=\"elementor-widget-container\">\n\t\t\t\t\t\t\t<div class=\"elementor-divider\">\n\t\t\t<span class=\"elementor-divider-separator\">\n\t\t\t\t\t\t\t<div class=\"elementor-icon elementor-divider__element\">\n\t\t\t\t\t<i aria-hidden=\"true\" class=\"fas fa-circle\"><\/i><\/div>\n\t\t\t\t\t\t<\/span>\n\t\t<\/div>\n\t\t\t\t\t\t<\/div>\n\t\t\t\t<\/div>\n\t\t\t\t<div class=\"elementor-element elementor-element-25658dc elementor-widget elementor-widget-text-editor\" data-id=\"25658dc\" data-element_type=\"widget\" data-e-type=\"widget\" data-settings=\"{&quot;motion_fx_motion_fx_scrolling&quot;:&quot;yes&quot;,&quot;motion_fx_opacity_effect&quot;:&quot;yes&quot;,&quot;motion_fx_opacity_range&quot;:{&quot;unit&quot;:&quot;%&quot;,&quot;size&quot;:&quot;&quot;,&quot;sizes&quot;:{&quot;start&quot;:20,&quot;end&quot;:56}},&quot;motion_fx_opacity_direction&quot;:&quot;out-in&quot;,&quot;motion_fx_opacity_level&quot;:{&quot;unit&quot;:&quot;px&quot;,&quot;size&quot;:10,&quot;sizes&quot;:[]},&quot;motion_fx_devices&quot;:[&quot;desktop&quot;,&quot;tablet&quot;,&quot;mobile&quot;]}\" data-widget_type=\"text-editor.default\">\n\t\t\t\t<div class=\"elementor-widget-container\">\n\t\t\t\t\t\t\t\t\t<p>Membre fondateur du Trio Messiaen, il remporte en 2018 le premier prix du 14e concours international de musique de chambre de Lyon \u00e0 l\u2019unanimit\u00e9 avec les f\u00e9licitations du jury, ainsi que 5 prix sp\u00e9ciaux durant ce m\u00eame concours.<br \/>La m\u00eame ann\u00e9e, il enregistre un disque pour le label Mirare avec le trio Messiaen, accompagn\u00e9 du clarinettiste Rapha\u00ebl S\u00e9v\u00e8re autour des \u00ab Court Studies \u00bb de Thomas Ad\u00e8s et du \u00ab Quatuor pour la fin du temps \u00bb d\u2019Olivier Messiaen ; Il est r\u00e9compens\u00e9 notamment d\u2019un \u00ab Diapason d\u2019or \u00bb et d\u2019un \u00ab Choc de Classica \u00bb.<\/p>\t\t\t\t\t\t\t\t<\/div>\n\t\t\t\t<\/div>\n\t\t\t\t<div class=\"elementor-element elementor-element-5c1766e elementor-widget-divider--view-line_icon elementor-view-default elementor-widget-divider--element-align-center elementor-widget elementor-widget-divider\" data-id=\"5c1766e\" data-element_type=\"widget\" data-e-type=\"widget\" data-settings=\"{&quot;motion_fx_motion_fx_scrolling&quot;:&quot;yes&quot;,&quot;motion_fx_opacity_effect&quot;:&quot;yes&quot;,&quot;motion_fx_opacity_range&quot;:{&quot;unit&quot;:&quot;%&quot;,&quot;size&quot;:&quot;&quot;,&quot;sizes&quot;:{&quot;start&quot;:0,&quot;end&quot;:50}},&quot;motion_fx_opacity_direction&quot;:&quot;out-in&quot;,&quot;motion_fx_opacity_level&quot;:{&quot;unit&quot;:&quot;px&quot;,&quot;size&quot;:10,&quot;sizes&quot;:[]},&quot;motion_fx_devices&quot;:[&quot;desktop&quot;,&quot;tablet&quot;,&quot;mobile&quot;]}\" data-widget_type=\"divider.default\">\n\t\t\t\t<div class=\"elementor-widget-container\">\n\t\t\t\t\t\t\t<div class=\"elementor-divider\">\n\t\t\t<span class=\"elementor-divider-separator\">\n\t\t\t\t\t\t\t<div class=\"elementor-icon elementor-divider__element\">\n\t\t\t\t\t<i aria-hidden=\"true\" class=\"fas fa-circle\"><\/i><\/div>\n\t\t\t\t\t\t<\/span>\n\t\t<\/div>\n\t\t\t\t\t\t<\/div>\n\t\t\t\t<\/div>\n\t\t\t\t\t<\/div>\n\t\t\t\t<\/div>\n\t\t<div class=\"elementor-element elementor-element-0c73c23 e-con-full e-flex e-con e-parent\" data-id=\"0c73c23\" data-element_type=\"container\" data-e-type=\"container\" data-settings=\"{&quot;background_background&quot;:&quot;classic&quot;}\">\n\t\t\t\t<\/div>\n\t\t<div class=\"elementor-element elementor-element-3c90676 e-flex e-con-boxed e-con e-parent\" data-id=\"3c90676\" data-element_type=\"container\" data-e-type=\"container\" data-settings=\"{&quot;background_background&quot;:&quot;classic&quot;}\">\n\t\t\t\t\t<div class=\"e-con-inner\">\n\t\t\t\t<div class=\"elementor-element elementor-element-984630b elementor-widget-divider--view-line_icon elementor-view-default elementor-widget-divider--element-align-center elementor-widget elementor-widget-divider\" data-id=\"984630b\" data-element_type=\"widget\" data-e-type=\"widget\" data-settings=\"{&quot;motion_fx_motion_fx_scrolling&quot;:&quot;yes&quot;,&quot;motion_fx_opacity_effect&quot;:&quot;yes&quot;,&quot;motion_fx_opacity_range&quot;:{&quot;unit&quot;:&quot;%&quot;,&quot;size&quot;:&quot;&quot;,&quot;sizes&quot;:{&quot;start&quot;:20,&quot;end&quot;:52}},&quot;motion_fx_opacity_direction&quot;:&quot;out-in&quot;,&quot;motion_fx_opacity_level&quot;:{&quot;unit&quot;:&quot;px&quot;,&quot;size&quot;:10,&quot;sizes&quot;:[]},&quot;motion_fx_devices&quot;:[&quot;desktop&quot;,&quot;tablet&quot;,&quot;mobile&quot;]}\" data-widget_type=\"divider.default\">\n\t\t\t\t<div class=\"elementor-widget-container\">\n\t\t\t\t\t\t\t<div class=\"elementor-divider\">\n\t\t\t<span class=\"elementor-divider-separator\">\n\t\t\t\t\t\t\t<div class=\"elementor-icon elementor-divider__element\">\n\t\t\t\t\t<i aria-hidden=\"true\" class=\"fas fa-circle\"><\/i><\/div>\n\t\t\t\t\t\t<\/span>\n\t\t<\/div>\n\t\t\t\t\t\t<\/div>\n\t\t\t\t<\/div>\n\t\t\t\t<div class=\"elementor-element elementor-element-9e9d1a7 elementor-widget elementor-widget-text-editor\" data-id=\"9e9d1a7\" data-element_type=\"widget\" data-e-type=\"widget\" data-settings=\"{&quot;motion_fx_motion_fx_scrolling&quot;:&quot;yes&quot;,&quot;motion_fx_opacity_effect&quot;:&quot;yes&quot;,&quot;motion_fx_opacity_range&quot;:{&quot;unit&quot;:&quot;%&quot;,&quot;size&quot;:&quot;&quot;,&quot;sizes&quot;:{&quot;start&quot;:0,&quot;end&quot;:55}},&quot;motion_fx_opacity_direction&quot;:&quot;out-in&quot;,&quot;motion_fx_opacity_level&quot;:{&quot;unit&quot;:&quot;px&quot;,&quot;size&quot;:10,&quot;sizes&quot;:[]},&quot;motion_fx_devices&quot;:[&quot;desktop&quot;,&quot;tablet&quot;,&quot;mobile&quot;]}\" data-widget_type=\"text-editor.default\">\n\t\t\t\t<div class=\"elementor-widget-container\">\n\t\t\t\t\t\t\t\t\t<p>Passionn\u00e9 par la musique hindoustanie, il se forme au Sitar Indien \u00e0 Lyon avec Nicolas Delaigue et \u00e0 Calcutta avec Pandit Sugato Nago lors de s\u00e9jours r\u00e9guliers \u00e0 Calcutta. Il fonde le <a href=\"https:\/\/volodiavankeulen.com\/index.php\/elementor-1676\/\">duo \u00ab Badmash \u00bb<\/a> avec le multi-fl\u00fbtistes <a href=\"https:\/\/www.samuel-bricault.com\/\">Samuel Bricault<\/a>, explorant musique indienne, irlandaise, balkanique&#8230;<\/p><p style=\"text-align: center;\"><span style=\"font-style: inherit; -webkit-text-size-adjust: 100%;\">Il m\u00eale \u00e9galement sitar et violoncelle au sein du collectif d\u2019improvisation et de musique \u00e9lectroacoustique\u00a0<\/span><span style=\"font-style: inherit; -webkit-text-size-adjust: 100%;\">\u00ab Qenhun \u00bb bas\u00e9 dans les pouilles en Italie.<\/span><\/p><p>Dans son dernier album \u00ab\u00a0Verbunkos\u00a0\u00bb (au label Initiale), Volodia rend un vibrant aux compositeurs hongrois, avec notamment la majestueuse sonate pour violoncelle seul de Zolt\u00e1n Kod\u00e1ly ; Il joue un violoncelle du luthier Fran\u00e7ais David Deroy fait en 2010.<span class=\"Apple-converted-space\">\u00a0<\/span><\/p>\t\t\t\t\t\t\t\t<\/div>\n\t\t\t\t<\/div>\n\t\t\t\t<div class=\"elementor-element elementor-element-07e5c13 elementor-widget-divider--view-line_icon elementor-view-default elementor-widget-divider--element-align-center elementor-widget elementor-widget-divider\" data-id=\"07e5c13\" data-element_type=\"widget\" data-e-type=\"widget\" data-settings=\"{&quot;motion_fx_motion_fx_scrolling&quot;:&quot;yes&quot;,&quot;motion_fx_opacity_effect&quot;:&quot;yes&quot;,&quot;motion_fx_opacity_range&quot;:{&quot;unit&quot;:&quot;%&quot;,&quot;size&quot;:&quot;&quot;,&quot;sizes&quot;:{&quot;start&quot;:0,&quot;end&quot;:51}},&quot;motion_fx_opacity_direction&quot;:&quot;out-in&quot;,&quot;motion_fx_opacity_level&quot;:{&quot;unit&quot;:&quot;px&quot;,&quot;size&quot;:10,&quot;sizes&quot;:[]},&quot;motion_fx_devices&quot;:[&quot;desktop&quot;,&quot;tablet&quot;,&quot;mobile&quot;]}\" data-widget_type=\"divider.default\">\n\t\t\t\t<div class=\"elementor-widget-container\">\n\t\t\t\t\t\t\t<div class=\"elementor-divider\">\n\t\t\t<span class=\"elementor-divider-separator\">\n\t\t\t\t\t\t\t<div class=\"elementor-icon elementor-divider__element\">\n\t\t\t\t\t<i aria-hidden=\"true\" class=\"fas fa-circle\"><\/i><\/div>\n\t\t\t\t\t\t<\/span>\n\t\t<\/div>\n\t\t\t\t\t\t<\/div>\n\t\t\t\t<\/div>\n\t\t\t\t<div class=\"elementor-element elementor-element-acf30e7 elementor-hidden-mobile elementor-widget elementor-widget-spacer\" data-id=\"acf30e7\" data-element_type=\"widget\" data-e-type=\"widget\" data-widget_type=\"spacer.default\">\n\t\t\t\t<div class=\"elementor-widget-container\">\n\t\t\t\t\t\t\t<div class=\"elementor-spacer\">\n\t\t\t<div class=\"elementor-spacer-inner\"><\/div>\n\t\t<\/div>\n\t\t\t\t\t\t<\/div>\n\t\t\t\t<\/div>\n\t\t\t\t<div class=\"elementor-element elementor-element-9257c3c elementor-widget elementor-widget-spacer\" data-id=\"9257c3c\" data-element_type=\"widget\" data-e-type=\"widget\" data-widget_type=\"spacer.default\">\n\t\t\t\t<div class=\"elementor-widget-container\">\n\t\t\t\t\t\t\t<div class=\"elementor-spacer\">\n\t\t\t<div class=\"elementor-spacer-inner\"><\/div>\n\t\t<\/div>\n\t\t\t\t\t\t<\/div>\n\t\t\t\t<\/div>\n\t\t\t\t<div class=\"elementor-element elementor-element-614b414 elementor--h-position-center elementor--v-position-middle elementor-arrows-position-inside elementor-pagination-position-inside elementor-widget elementor-widget-slides\" data-id=\"614b414\" data-element_type=\"widget\" data-e-type=\"widget\" data-settings=\"{&quot;navigation&quot;:&quot;both&quot;,&quot;infinite&quot;:&quot;yes&quot;,&quot;transition&quot;:&quot;slide&quot;,&quot;transition_speed&quot;:500}\" data-widget_type=\"slides.default\">\n\t\t\t\t<div class=\"elementor-widget-container\">\n\t\t\t\t\t\t\t\t\t<div class=\"elementor-swiper\">\n\t\t\t\t\t<div class=\"elementor-slides-wrapper elementor-main-swiper swiper\" role=\"region\" aria-roledescription=\"carousel\" aria-label=\"Diapositives\" dir=\"ltr\" data-animation=\"fadeInUp\">\n\t\t\t\t<div class=\"swiper-wrapper elementor-slides\">\n\t\t\t\t\t\t\t\t\t\t<div class=\"elementor-repeater-item-1fcd41f swiper-slide\" role=\"group\" aria-roledescription=\"slide\"><div class=\"swiper-slide-bg\" role=\"img\" aria-label=\"1FEE5972-C51E-4C83-A638-BC74A14BD3CA\"><\/div><div class=\"swiper-slide-inner\" ><div class=\"swiper-slide-contents\"><div class=\"elementor-slide-heading\">Diapositive 1 Titre<\/div><div class=\"elementor-slide-description\">Lorem ipsum dolor sit amet consectetur adipiscing elit dolor<\/div><div  class=\"elementor-button elementor-slide-button elementor-size-sm\">Cliquer ici<\/div><\/div><\/div><\/div><div class=\"elementor-repeater-item-4760352 swiper-slide\" role=\"group\" aria-roledescription=\"slide\"><div class=\"swiper-slide-bg\" role=\"img\" aria-label=\"DSCF5041\"><\/div><div class=\"swiper-slide-inner\" ><div class=\"swiper-slide-contents\"><div class=\"elementor-slide-heading\">Diapositive 3 Titre<\/div><div class=\"elementor-slide-description\">Lorem ipsum dolor sit amet consectetur adipiscing elit dolor<\/div><div  class=\"elementor-button elementor-slide-button elementor-size-sm\">Cliquer ici<\/div><\/div><\/div><\/div>\t\t\t\t<\/div>\n\t\t\t\t\t\t\t\t\t\t\t\t\t\t\t<div class=\"elementor-swiper-button elementor-swiper-button-prev\" role=\"button\" tabindex=\"0\" aria-label=\"Diapositive pr\u00e9c\u00e9dente\">\n\t\t\t\t\t\t\t<i aria-hidden=\"true\" class=\"eicon-chevron-left\"><\/i>\t\t\t\t\t\t<\/div>\n\t\t\t\t\t\t<div class=\"elementor-swiper-button elementor-swiper-button-next\" role=\"button\" tabindex=\"0\" aria-label=\"Diapositive suivante\">\n\t\t\t\t\t\t\t<i aria-hidden=\"true\" class=\"eicon-chevron-right\"><\/i>\t\t\t\t\t\t<\/div>\n\t\t\t\t\t\t\t\t\t\t\t\t\t\t\t\t<div class=\"swiper-pagination\"><\/div>\n\t\t\t\t\t\t\t\t\t\t\t\t<\/div>\n\t\t\t\t<\/div>\n\t\t\t\t\t\t\t\t<\/div>\n\t\t\t\t<\/div>\n\t\t\t\t<div class=\"elementor-element elementor-element-77702b4 elementor-widget elementor-widget-spacer\" data-id=\"77702b4\" data-element_type=\"widget\" data-e-type=\"widget\" data-widget_type=\"spacer.default\">\n\t\t\t\t<div class=\"elementor-widget-container\">\n\t\t\t\t\t\t\t<div class=\"elementor-spacer\">\n\t\t\t<div class=\"elementor-spacer-inner\"><\/div>\n\t\t<\/div>\n\t\t\t\t\t\t<\/div>\n\t\t\t\t<\/div>\n\t\t\t\t\t<\/div>\n\t\t\t\t<\/div>\n\t\t\t\t<\/div>\n\t\t","protected":false},"excerpt":{"rendered":"<p>BIO. Volodia van Keulen, jeune violoncelliste fran\u00e7ais, fascine par son jeu d&rsquo;une intensit\u00e9 rare et son charisme flamboyant. C\u2019est dans le partage avec son grand-p\u00e8re, violoniste amateur, que na\u00eet la passion de Volodia pour la musique. Form\u00e9 au Conservatoire National Sup\u00e9rieur de Paris, il a brill\u00e9 sur les sc\u00e8nes internationales les plus prestigieuses en solo &hellip;<\/p>\n<p class=\"read-more\"> <a class=\"ast-button\" href=\"https:\/\/volodiavankeulen.com\/index.php\/a-propos\/\"> <span class=\"screen-reader-text\">\u00c0 propos<\/span> +<\/a><\/p>\n","protected":false},"author":1,"featured_media":1735,"parent":0,"menu_order":0,"comment_status":"closed","ping_status":"closed","template":"","meta":{"site-sidebar-layout":"no-sidebar","site-content-layout":"page-builder","ast-global-header-display":"","ast-main-header-display":"","ast-hfb-above-header-display":"","ast-hfb-below-header-display":"","ast-hfb-mobile-header-display":"","site-post-title":"disabled","ast-breadcrumbs-content":"","ast-featured-img":"disabled","footer-sml-layout":"","theme-transparent-header-meta":"","adv-header-id-meta":"","stick-header-meta":"","header-above-stick-meta":"","header-main-stick-meta":"","header-below-stick-meta":"","footnotes":""},"class_list":["post-1698","page","type-page","status-publish","has-post-thumbnail","hentry"],"yoast_head":"<!-- This site is optimized with the Yoast SEO plugin v26.8 - https:\/\/yoast.com\/product\/yoast-seo-wordpress\/ -->\n<title>\u00c0 propos -<\/title>\n<meta name=\"description\" content=\"C\u2019est dans le partage avec son grand-p\u00e8re, violoniste amateur, que na\u00eet la passion de Volodia pour la musique.\" \/>\n<meta name=\"robots\" content=\"index, follow, max-snippet:-1, max-image-preview:large, max-video-preview:-1\" \/>\n<link rel=\"canonical\" href=\"https:\/\/volodiavankeulen.com\/index.php\/a-propos\/\" \/>\n<meta property=\"og:locale\" content=\"fr_FR\" \/>\n<meta property=\"og:type\" content=\"article\" \/>\n<meta property=\"og:title\" content=\"\u00c0 propos -\" \/>\n<meta property=\"og:description\" content=\"C\u2019est dans le partage avec son grand-p\u00e8re, violoniste amateur, que na\u00eet la passion de Volodia pour la musique.\" \/>\n<meta property=\"og:url\" content=\"https:\/\/volodiavankeulen.com\/index.php\/a-propos\/\" \/>\n<meta property=\"article:publisher\" content=\"https:\/\/www.facebook.com\/volodia.vankeulen\" \/>\n<meta property=\"article:modified_time\" content=\"2026-01-04T12:07:07+00:00\" \/>\n<meta property=\"og:image\" content=\"https:\/\/volodiavankeulen.com\/wp-content\/uploads\/2024\/03\/DSCF5054-modifie-scaled.jpg\" \/>\n\t<meta property=\"og:image:width\" content=\"2560\" \/>\n\t<meta property=\"og:image:height\" content=\"1594\" \/>\n\t<meta property=\"og:image:type\" content=\"image\/jpeg\" \/>\n<meta name=\"twitter:card\" content=\"summary_large_image\" \/>\n<meta name=\"twitter:label1\" content=\"Dur\u00e9e de lecture estim\u00e9e\" \/>\n\t<meta name=\"twitter:data1\" content=\"3 minutes\" \/>\n<script type=\"application\/ld+json\" class=\"yoast-schema-graph\">{\"@context\":\"https:\/\/schema.org\",\"@graph\":[{\"@type\":\"WebPage\",\"@id\":\"https:\/\/volodiavankeulen.com\/index.php\/a-propos\/\",\"url\":\"https:\/\/volodiavankeulen.com\/index.php\/a-propos\/\",\"name\":\"\u00c0 propos -\",\"isPartOf\":{\"@id\":\"https:\/\/volodiavankeulen.com\/#website\"},\"primaryImageOfPage\":{\"@id\":\"https:\/\/volodiavankeulen.com\/index.php\/a-propos\/#primaryimage\"},\"image\":{\"@id\":\"https:\/\/volodiavankeulen.com\/index.php\/a-propos\/#primaryimage\"},\"thumbnailUrl\":\"https:\/\/volodiavankeulen.com\/wp-content\/uploads\/2024\/03\/DSCF5054-modifie-scaled.jpg\",\"datePublished\":\"2024-03-24T10:38:26+00:00\",\"dateModified\":\"2026-01-04T12:07:07+00:00\",\"description\":\"C\u2019est dans le partage avec son grand-p\u00e8re, violoniste amateur, que na\u00eet la passion de Volodia pour la musique.\",\"breadcrumb\":{\"@id\":\"https:\/\/volodiavankeulen.com\/index.php\/a-propos\/#breadcrumb\"},\"inLanguage\":\"fr-FR\",\"potentialAction\":[{\"@type\":\"ReadAction\",\"target\":[\"https:\/\/volodiavankeulen.com\/index.php\/a-propos\/\"]}]},{\"@type\":\"ImageObject\",\"inLanguage\":\"fr-FR\",\"@id\":\"https:\/\/volodiavankeulen.com\/index.php\/a-propos\/#primaryimage\",\"url\":\"https:\/\/volodiavankeulen.com\/wp-content\/uploads\/2024\/03\/DSCF5054-modifie-scaled.jpg\",\"contentUrl\":\"https:\/\/volodiavankeulen.com\/wp-content\/uploads\/2024\/03\/DSCF5054-modifie-scaled.jpg\",\"width\":2560,\"height\":1594},{\"@type\":\"BreadcrumbList\",\"@id\":\"https:\/\/volodiavankeulen.com\/index.php\/a-propos\/#breadcrumb\",\"itemListElement\":[{\"@type\":\"ListItem\",\"position\":1,\"name\":\"Accueil\",\"item\":\"https:\/\/volodiavankeulen.com\/\"},{\"@type\":\"ListItem\",\"position\":2,\"name\":\"\u00c0 propos\"}]},{\"@type\":\"WebSite\",\"@id\":\"https:\/\/volodiavankeulen.com\/#website\",\"url\":\"https:\/\/volodiavankeulen.com\/\",\"name\":\"Volodia van Keulen\",\"description\":\"\",\"publisher\":{\"@id\":\"https:\/\/volodiavankeulen.com\/#\/schema\/person\/d1b4b84f2c13550f5b4814b5c85835b1\"},\"potentialAction\":[{\"@type\":\"SearchAction\",\"target\":{\"@type\":\"EntryPoint\",\"urlTemplate\":\"https:\/\/volodiavankeulen.com\/?s={search_term_string}\"},\"query-input\":{\"@type\":\"PropertyValueSpecification\",\"valueRequired\":true,\"valueName\":\"search_term_string\"}}],\"inLanguage\":\"fr-FR\"},{\"@type\":[\"Person\",\"Organization\"],\"@id\":\"https:\/\/volodiavankeulen.com\/#\/schema\/person\/d1b4b84f2c13550f5b4814b5c85835b1\",\"name\":\"Volodia van Keulen\",\"image\":{\"@type\":\"ImageObject\",\"inLanguage\":\"fr-FR\",\"@id\":\"https:\/\/volodiavankeulen.com\/#\/schema\/person\/image\/\",\"url\":\"https:\/\/volodiavankeulen.com\/wp-content\/uploads\/2024\/03\/kronberg.jpg\",\"contentUrl\":\"https:\/\/volodiavankeulen.com\/wp-content\/uploads\/2024\/03\/kronberg.jpg\",\"width\":960,\"height\":641,\"caption\":\"Volodia van Keulen\"},\"logo\":{\"@id\":\"https:\/\/volodiavankeulen.com\/#\/schema\/person\/image\/\"},\"description\":\"Volodia van Keulen, jeune violoncelliste fran\u00e7ais, fascine par son jeu d'une intensit\u00e9 rare et son charisme flamboyant. Form\u00e9 au Conservatoire National Sup\u00e9rieur de Paris, il a brill\u00e9 sur les sc\u00e8nes internationales les plus prestigieuses. Il est \u00e9galement membre fondateur du Trio Messiaen, form\u00e9 en 2014, qui a remport\u00e9 plusieurs prix prestigieux, dont le premier prix du Concours international de musique de chambre de Lyon en 2018. Musicien curieux et audacieux, il enrichit son univers musical par la pratique de la musique d'Inde du nord et du Sitar, \u00e0 travers diverses collaborations, notamment avec le fl\u00fbtiste Samuel Bricault au sein du duo Badmash.\",\"sameAs\":[\"http:\/\/volodiavankeulen.com\",\"https:\/\/www.facebook.com\/volodia.vankeulen\",\"https:\/\/www.instagram.com\/volodiavk?igsh=MXFhMGY2cmlnc3Q2cg==\"]}]}<\/script>\n<!-- \/ Yoast SEO plugin. -->","yoast_head_json":{"title":"\u00c0 propos -","description":"C\u2019est dans le partage avec son grand-p\u00e8re, violoniste amateur, que na\u00eet la passion de Volodia pour la musique.","robots":{"index":"index","follow":"follow","max-snippet":"max-snippet:-1","max-image-preview":"max-image-preview:large","max-video-preview":"max-video-preview:-1"},"canonical":"https:\/\/volodiavankeulen.com\/index.php\/a-propos\/","og_locale":"fr_FR","og_type":"article","og_title":"\u00c0 propos -","og_description":"C\u2019est dans le partage avec son grand-p\u00e8re, violoniste amateur, que na\u00eet la passion de Volodia pour la musique.","og_url":"https:\/\/volodiavankeulen.com\/index.php\/a-propos\/","article_publisher":"https:\/\/www.facebook.com\/volodia.vankeulen","article_modified_time":"2026-01-04T12:07:07+00:00","og_image":[{"width":2560,"height":1594,"url":"https:\/\/volodiavankeulen.com\/wp-content\/uploads\/2024\/03\/DSCF5054-modifie-scaled.jpg","type":"image\/jpeg"}],"twitter_card":"summary_large_image","twitter_misc":{"Dur\u00e9e de lecture estim\u00e9e":"3 minutes"},"schema":{"@context":"https:\/\/schema.org","@graph":[{"@type":"WebPage","@id":"https:\/\/volodiavankeulen.com\/index.php\/a-propos\/","url":"https:\/\/volodiavankeulen.com\/index.php\/a-propos\/","name":"\u00c0 propos -","isPartOf":{"@id":"https:\/\/volodiavankeulen.com\/#website"},"primaryImageOfPage":{"@id":"https:\/\/volodiavankeulen.com\/index.php\/a-propos\/#primaryimage"},"image":{"@id":"https:\/\/volodiavankeulen.com\/index.php\/a-propos\/#primaryimage"},"thumbnailUrl":"https:\/\/volodiavankeulen.com\/wp-content\/uploads\/2024\/03\/DSCF5054-modifie-scaled.jpg","datePublished":"2024-03-24T10:38:26+00:00","dateModified":"2026-01-04T12:07:07+00:00","description":"C\u2019est dans le partage avec son grand-p\u00e8re, violoniste amateur, que na\u00eet la passion de Volodia pour la musique.","breadcrumb":{"@id":"https:\/\/volodiavankeulen.com\/index.php\/a-propos\/#breadcrumb"},"inLanguage":"fr-FR","potentialAction":[{"@type":"ReadAction","target":["https:\/\/volodiavankeulen.com\/index.php\/a-propos\/"]}]},{"@type":"ImageObject","inLanguage":"fr-FR","@id":"https:\/\/volodiavankeulen.com\/index.php\/a-propos\/#primaryimage","url":"https:\/\/volodiavankeulen.com\/wp-content\/uploads\/2024\/03\/DSCF5054-modifie-scaled.jpg","contentUrl":"https:\/\/volodiavankeulen.com\/wp-content\/uploads\/2024\/03\/DSCF5054-modifie-scaled.jpg","width":2560,"height":1594},{"@type":"BreadcrumbList","@id":"https:\/\/volodiavankeulen.com\/index.php\/a-propos\/#breadcrumb","itemListElement":[{"@type":"ListItem","position":1,"name":"Accueil","item":"https:\/\/volodiavankeulen.com\/"},{"@type":"ListItem","position":2,"name":"\u00c0 propos"}]},{"@type":"WebSite","@id":"https:\/\/volodiavankeulen.com\/#website","url":"https:\/\/volodiavankeulen.com\/","name":"Volodia van Keulen","description":"","publisher":{"@id":"https:\/\/volodiavankeulen.com\/#\/schema\/person\/d1b4b84f2c13550f5b4814b5c85835b1"},"potentialAction":[{"@type":"SearchAction","target":{"@type":"EntryPoint","urlTemplate":"https:\/\/volodiavankeulen.com\/?s={search_term_string}"},"query-input":{"@type":"PropertyValueSpecification","valueRequired":true,"valueName":"search_term_string"}}],"inLanguage":"fr-FR"},{"@type":["Person","Organization"],"@id":"https:\/\/volodiavankeulen.com\/#\/schema\/person\/d1b4b84f2c13550f5b4814b5c85835b1","name":"Volodia van Keulen","image":{"@type":"ImageObject","inLanguage":"fr-FR","@id":"https:\/\/volodiavankeulen.com\/#\/schema\/person\/image\/","url":"https:\/\/volodiavankeulen.com\/wp-content\/uploads\/2024\/03\/kronberg.jpg","contentUrl":"https:\/\/volodiavankeulen.com\/wp-content\/uploads\/2024\/03\/kronberg.jpg","width":960,"height":641,"caption":"Volodia van Keulen"},"logo":{"@id":"https:\/\/volodiavankeulen.com\/#\/schema\/person\/image\/"},"description":"Volodia van Keulen, jeune violoncelliste fran\u00e7ais, fascine par son jeu d'une intensit\u00e9 rare et son charisme flamboyant. Form\u00e9 au Conservatoire National Sup\u00e9rieur de Paris, il a brill\u00e9 sur les sc\u00e8nes internationales les plus prestigieuses. Il est \u00e9galement membre fondateur du Trio Messiaen, form\u00e9 en 2014, qui a remport\u00e9 plusieurs prix prestigieux, dont le premier prix du Concours international de musique de chambre de Lyon en 2018. Musicien curieux et audacieux, il enrichit son univers musical par la pratique de la musique d'Inde du nord et du Sitar, \u00e0 travers diverses collaborations, notamment avec le fl\u00fbtiste Samuel Bricault au sein du duo Badmash.","sameAs":["http:\/\/volodiavankeulen.com","https:\/\/www.facebook.com\/volodia.vankeulen","https:\/\/www.instagram.com\/volodiavk?igsh=MXFhMGY2cmlnc3Q2cg=="]}]}},"jetpack_sharing_enabled":true,"_links":{"self":[{"href":"https:\/\/volodiavankeulen.com\/index.php\/wp-json\/wp\/v2\/pages\/1698","targetHints":{"allow":["GET"]}}],"collection":[{"href":"https:\/\/volodiavankeulen.com\/index.php\/wp-json\/wp\/v2\/pages"}],"about":[{"href":"https:\/\/volodiavankeulen.com\/index.php\/wp-json\/wp\/v2\/types\/page"}],"author":[{"embeddable":true,"href":"https:\/\/volodiavankeulen.com\/index.php\/wp-json\/wp\/v2\/users\/1"}],"replies":[{"embeddable":true,"href":"https:\/\/volodiavankeulen.com\/index.php\/wp-json\/wp\/v2\/comments?post=1698"}],"version-history":[{"count":156,"href":"https:\/\/volodiavankeulen.com\/index.php\/wp-json\/wp\/v2\/pages\/1698\/revisions"}],"predecessor-version":[{"id":2520,"href":"https:\/\/volodiavankeulen.com\/index.php\/wp-json\/wp\/v2\/pages\/1698\/revisions\/2520"}],"wp:featuredmedia":[{"embeddable":true,"href":"https:\/\/volodiavankeulen.com\/index.php\/wp-json\/wp\/v2\/media\/1735"}],"wp:attachment":[{"href":"https:\/\/volodiavankeulen.com\/index.php\/wp-json\/wp\/v2\/media?parent=1698"}],"curies":[{"name":"wp","href":"https:\/\/api.w.org\/{rel}","templated":true}]}}